{"id":203,"date":"2020-05-03T12:57:26","date_gmt":"2020-05-03T10:57:26","guid":{"rendered":"https:\/\/www.sondermann-marketing.de\/kunden\/stephanuswerkstatt\/?page_id=203"},"modified":"2023-10-23T17:12:36","modified_gmt":"2023-10-23T15:12:36","slug":"eingangsverfahren-berufsbildungsbereich-bbb","status":"publish","type":"page","link":"https:\/\/diakonie-lahn-dill.de\/wfbm\/angebote-fuer-psychisch-erkrankte-menschen\/eingangsverfahren-berufsbildungsbereich-bbb\/","title":{"rendered":"Berufsbildungsbereich"},"content":{"rendered":"<div class=\"wpb-content-wrapper\"><p>[vc_row][vc_column][vc_column_text css=&#8220;.vc_custom_1611410536415{padding-top: 5px !important;padding-right: 5px !important;padding-bottom: 5px !important;padding-left: 5px !important;}&#8220;]<\/p>\n<h2>Eingangsverfahren \/ Berufsbildungsbereich (BBB)<\/h2>\n<p>[\/vc_column_text][\/vc_column][\/vc_row][vc_row][vc_column width=&#8220;2\/3&#8243;][vc_column_text css=&#8220;.vc_custom_1658485135134{padding-top: 5px !important;padding-right: 5px !important;padding-bottom: 5px !important;padding-left: 5px !important;}&#8220;]Das Eingangsverfahren dient zur Eingew\u00f6hnung des Teilnehmers und zur beidseitigen \u00dcberpr\u00fcfung, ob die Werkstatt die geeignete Einrichtung zur F\u00f6rderung darstellt.\u00a0Dazu wird eine Diagnostik nach Hamet2 (handwerklich\/motorischer Eignungstest) durchgef\u00fchrt. Jedem Teilnehmer steht ein Bildungsbegleiter zur Seite, der die betreffende Person mit Rat und Tat unterst\u00fctzt. Bei Eignung werden gemeinsam Ziele f\u00fcr den Berufsbildungsbereich aufgestellt, die in regelm\u00e4\u00dfigen Abst\u00e4nden \u00fcberpr\u00fcft und angepasst werden.<\/p>\n<p>Der Berufsbildungsbereich beinhaltet einen Grund- und einen Aufbaukurs von je 12 Monaten Dauer. Zu Beginn steht vor allem die F\u00f6rderung der Grundtugenden wie P\u00fcnktlichkeit und Zuverl\u00e4ssigkeit sowie die regelm\u00e4\u00dfige Anwesenheit im Vordergrund. Hinzu kommen geeignete Bildungsmodule sowie pers\u00f6nlichkeitsf\u00f6rdernde Ma\u00dfnahmen.<\/p>\n<p>Es erfolgen interne Hospitationen in geeigneten Arbeitsfeldern (Montage,\u00a0Hauswirtschaft, Druckerei, B\u00fcro), die gemeinsam ausgewertet werden und in die weitere F\u00f6rderplanung miteinflie\u00dfen. Ziel ist es, dass der Besch\u00e4ftigte sich in ein Arbeitsfeld schwerpunktm\u00e4\u00dfig einarbeitet und dort vertiefende Kenntnisse erwirbt.<\/p>\n<p>Eine \u00dcberpr\u00fcfung der Praktikumsf\u00e4higkeiten sowie die Durchf\u00fchrung und Begleitung der Praktika durch die Fachkraft f\u00fcr berufliche Integration sind ein weiterer wesentlicher Bestandteil des BBB.<\/p>\n<p><a href=\"https:\/\/diakonie-lahn-dill.de\/wfbm\/angebote-fuer-psychisch-erkrankte-menschen\/betriebsintegrierte-beschaeftigungsplaetze\/\">N\u00e4heres siehe BiB-Pl\u00e4tze<\/a><\/p>\n<p>Die finanzielle Situation gestaltet sich w\u00e4hrend der beruflichen Rehabilitation folgenderma\u00dfen: Von der Werkstatt erh\u00e4lt der Teilnehmer monatlich eine Motivationshilfe zur regelm\u00e4\u00dfigen Teilnahme.\u00a0Vom Kostentr\u00e4ger, in der Regel die Agentur f\u00fcr Arbeit oder die Deutsche Rentenversicherung,\u00a0wird entweder ein Ausbildungs- oder \u00dcbergangsgeld bezahlt.<\/p>\n<p>\u00dcbergangsgeld erhalten die Teilnehmer, die in den letzten 3 Jahren mindestens 12 Monate gearbeitet haben. Renten bei Erwerbsminderung werden in voller H\u00f6he weitergew\u00e4hrt. Die Fahrtkosten und das Mittagessen werden ebenfalls vom Kostentr\u00e4ger \u00fcbernommen. F\u00fcr alle Teilnehmer werden ab dem ersten Tag Beitr\u00e4ge zur gesetzlichen Rentenversicherung gezahlt. Dar\u00fcber hinaus wird die Kranken- und Pflegeversicherung \u00fcbernommen.[\/vc_column_text][\/vc_column][vc_column width=&#8220;1\/3&#8243;][vc_single_image image=&#8220;342&#8243; img_size=&#8220;full&#8220; onclick=&#8220;link_image&#8220;][vc_column_text]<\/p>\n<h2>Ansprechpartner:<\/h2>\n<ul>\n<li><strong>P\u00e4dagogische Leitung<br \/>\n<\/strong>Sascha Schmidt<br \/>\nTelefon 06441-9013-200<\/li>\n<\/ul>\n<p>[\/vc_column_text][vc_empty_space][\/vc_column][\/vc_row][vc_row][vc_column width=&#8220;1\/3&#8243;][\/vc_column][vc_column width=&#8220;1\/3&#8243;][vc_empty_space][vc_btn title=&#8220;zur\u00fcck zur \u00dcbersicht&#8220; style=&#8220;outline&#8220; shape=&#8220;square&#8220; color=&#8220;black&#8220; align=&#8220;center&#8220; i_icon_fontawesome=&#8220;fas fa-reply-all&#8220; add_icon=&#8220;true&#8220; link=&#8220;url:https%3A%2F%2Fdiakonie-lahn-dill.de%2Fwfbm%2Fangebote-fuer-psychisch-erkrankte-menschen%2F|title:zur%C3%BCck%20zur%20%C3%9Cbersicht&#8220;][\/vc_column][vc_column width=&#8220;1\/3&#8243;][\/vc_column][\/vc_row]<\/p>\n<\/div>","protected":false},"excerpt":{"rendered":"<p>[vc_row][vc_column][vc_column_text css=&#8220;.vc_custom_1611410536415{padding-top: 5px !important;padding-right: 5px !important;padding-bottom: 5px !important;padding-left: 5px !important;}&#8220;] Eingangsverfahren \/ Berufsbildungsbereich (BBB) [\/vc_column_text][\/vc_column][\/vc_row][vc_row][vc_column width=&#8220;2\/3&#8243;][vc_column_text css=&#8220;.vc_custom_1658485135134{padding-top: 5px !important;padding-right: 5px !important;padding-bottom: 5px !important;padding-left: 5px !important;}&#8220;]Das Eingangsverfahren dient zur Eingew\u00f6hnung des Teilnehmers und zur beidseitigen \u00dcberpr\u00fcfung, ob die Werkstatt die geeignete Einrichtung zur F\u00f6rderung darstellt.\u00a0Dazu wird eine Diagnostik nach Hamet2 (handwerklich\/motorischer Eignungstest) durchgef\u00fchrt. Jedem Teilnehmer steht&hellip;<\/p>\n","protected":false},"author":1,"featured_media":0,"parent":80,"menu_order":10,"comment_status":"closed","ping_status":"closed","template":"","meta":{"footnotes":""},"class_list":["post-203","page","type-page","status-publish","hentry","description-off"],"publishpress_future_action":{"enabled":false,"date":"2026-05-07 03:54:50","action":"change-status","newStatus":"draft","terms":[],"taxonomy":"","extraData":[]},"publishpress_future_workflow_manual_trigger":{"enabledWorkflows":[]},"_links":{"self":[{"href":"https:\/\/diakonie-lahn-dill.de\/wfbm\/wp-json\/wp\/v2\/pages\/203","targetHints":{"allow":["GET"]}}],"collection":[{"href":"https:\/\/diakonie-lahn-dill.de\/wfbm\/wp-json\/wp\/v2\/pages"}],"about":[{"href":"https:\/\/diakonie-lahn-dill.de\/wfbm\/wp-json\/wp\/v2\/types\/page"}],"author":[{"embeddable":true,"href":"https:\/\/diakonie-lahn-dill.de\/wfbm\/wp-json\/wp\/v2\/users\/1"}],"replies":[{"embeddable":true,"href":"https:\/\/diakonie-lahn-dill.de\/wfbm\/wp-json\/wp\/v2\/comments?post=203"}],"version-history":[{"count":6,"href":"https:\/\/diakonie-lahn-dill.de\/wfbm\/wp-json\/wp\/v2\/pages\/203\/revisions"}],"predecessor-version":[{"id":590,"href":"https:\/\/diakonie-lahn-dill.de\/wfbm\/wp-json\/wp\/v2\/pages\/203\/revisions\/590"}],"up":[{"embeddable":true,"href":"https:\/\/diakonie-lahn-dill.de\/wfbm\/wp-json\/wp\/v2\/pages\/80"}],"wp:attachment":[{"href":"https:\/\/diakonie-lahn-dill.de\/wfbm\/wp-json\/wp\/v2\/media?parent=203"}],"curies":[{"name":"wp","href":"https:\/\/api.w.org\/{rel}","templated":true}]}}